{"version":"1.0","provider_name":"ELLE.be","provider_url":"https:\/\/www.elle.be\/fr","author_name":"B\u00e9atrice Ercolini","author_url":"https:\/\/www.elle.be\/fr\/author\/bea","title":"Charles Michel est-il f\u00e9ministe ? - ELLE.be","type":"rich","width":600,"height":338,"html":"<blockquote class=\"wp-embedded-content\" data-secret=\"OjNsiFmBUT\"><a href=\"https:\/\/www.elle.be\/fr\/73094-edito-this-is-what-feminist-looks-like.html\">Charles Michel est-il f\u00e9ministe ?<\/a><\/blockquote><iframe sandbox=\"allow-scripts\" security=\"restricted\" src=\"https:\/\/www.elle.be\/fr\/73094-edito-this-is-what-feminist-looks-like.html\/embed#?secret=OjNsiFmBUT\" width=\"600\" height=\"338\" title=\"\u00ab\u00a0Charles Michel est-il f\u00e9ministe ?\u00a0\u00bb &#8212; ELLE.be\" data-secret=\"OjNsiFmBUT\" frameborder=\"0\" marginwidth=\"0\" marginheight=\"0\" scrolling=\"no\" class=\"wp-embedded-content\"><\/iframe><script type=\"text\/javascript\">\n\/* <![CDATA[ *\/\n\/*! This file is auto-generated *\/\n!function(d,l){\"use strict\";l.querySelector&&d.addEventListener&&\"undefined\"!=typeof URL&&(d.wp=d.wp||{},d.wp.receiveEmbedMessage||(d.wp.receiveEmbedMessage=function(e){var t=e.data;if((t||t.secret||t.message||t.value)&&!\/[^a-zA-Z0-9]\/.test(t.secret)){for(var s,r,n,a=l.querySelectorAll('iframe[data-secret=\"'+t.secret+'\"]'),o=l.querySelectorAll('blockquote[data-secret=\"'+t.secret+'\"]'),c=new RegExp(\"^https?:$\",\"i\"),i=0;i<o.length;i++)o[i].style.display=\"none\";for(i=0;i<a.length;i++)s=a[i],e.source===s.contentWindow&&(s.removeAttribute(\"style\"),\"height\"===t.message?(1e3<(r=parseInt(t.value,10))?r=1e3:~~r<200&&(r=200),s.height=r):\"link\"===t.message&&(r=new URL(s.getAttribute(\"src\")),n=new URL(t.value),c.test(n.protocol))&&n.host===r.host&&l.activeElement===s&&(d.top.location.href=t.value))}},d.addEventListener(\"message\",d.wp.receiveEmbedMessage,!1),l.addEventListener(\"DOMContentLoaded\",function(){for(var e,t,s=l.querySelectorAll(\"iframe.wp-embedded-content\"),r=0;r<s.length;r++)(t=(e=s[r]).getAttribute(\"data-secret\"))||(t=Math.random().toString(36).substring(2,12),e.src+=\"#?secret=\"+t,e.setAttribute(\"data-secret\",t)),e.contentWindow.postMessage({message:\"ready\",secret:t},\"*\")},!1)))}(window,document);\n\/* ]]> *\/\n<\/script>\n","thumbnail_url":"https:\/\/www.elle.be\/fr\/wp-content\/uploads\/2015\/02\/charlesmichel.jpg","thumbnail_width":600,"thumbnail_height":521,"description":"La parution d\u2019une photo extraite de notre num\u00e9ro de mars suscite \u00e9norm\u00e9ment de r\u00e9actions sur les r\u00e9seaux sociaux. Je serais curieuse de conna\u00eetre le nombre de personnes qui ont lu l\u2019interview qui l\u2019accompagne. Pour les autres, quelques pr\u00e9cisions."}